{"id":33107,"date":"2021-12-13T15:12:45","date_gmt":"2021-12-13T14:12:45","guid":{"rendered":"https:\/\/cb.agencegazelle.com\/le-fondateur\/"},"modified":"2022-03-02T14:32:22","modified_gmt":"2022-03-02T13:32:22","slug":"le-fondateur-es","status":"publish","type":"page","link":"https:\/\/cb.agencegazelle.com\/es\/le-fondateur-es\/","title":{"rendered":"La marca"},"content":{"rendered":"[vc_row et_full_width=\u201dtrue\u201d css=\u201d.vc_custom_1644583629210{background-color: #000000 !important;}\u201d el_class=\u201dgzl-header-solo\u201d][vc_column][vc_row_inner][vc_column_inner][vc_column_text el_class=\u201dgzl-header-solo-title\u201d css=\u201d.vc_custom_1646227777126{padding-top: 0px !important;padding-right: 0px !important;padding-bottom: 0px !important;padding-left: 0px !important;}\u201d]Nada de promesas vac\u00edas.<\/p>\n<p>M\u00e1s ciencia.<\/p>\n<p>M\u00e1s resultados.[\/vc_column_text][\/vc_column_inner][\/vc_row_inner][\/vc_column][\/vc_row][vc_row et_column_align=\u201dalign-center\u201d content_placement=\u201dbottom\u201d el_class=\u201dspacing-xl\u201d][vc_column width=\u201d2\/3\u2033][vc_column_text el_class=\u201dgzl-cms-title-xlarge\u201d]\n<h2>CHRISTIAN BRETON<\/h2>\n[\/vc_column_text][vc_column_text]\n<h3>Una pasi\u00f3n en el origen<\/h3>\n[\/vc_column_text][vc_column_text]Todo comenz\u00f3 en los a\u00f1os 70. La Sra. Breton, madre de Christian B., cient\u00edfica de renombre, dedic\u00f3 sus investigaciones al envejecimiento prematuro de la piel. Christian Breton la observ\u00f3 desde muy joven y se interes\u00f3 por su obra. Su pasi\u00f3n por la investigaci\u00f3n creci\u00f3 a lo largo de los a\u00f1os y, con gran convicci\u00f3n, decidi\u00f3 en 1991 dedicarse a ella creando su propia marca de cuidado de la piel.[\/vc_column_text][vc_column_text]\n<h3>Un problema = una soluci\u00f3n<\/h3>\n[\/vc_column_text][vc_column_text]Christian BRETON no es un generalista de la belleza sino un Especialista en las zonas sensibles del rostro. Primera marca de cuidado de la piel que trata los ojos, los labios, el cuello y el rostro de forma espec\u00edfica y experta, Christian BRETON le propone productos personalizados y muy espec\u00edficos.\u00a0 Nuestros productos est\u00e1n reconocidos en m\u00e1s de 50 pa\u00edses como uno de los cuidados m\u00e1s seguros y eficaces que se pueden adquirir sin receta.[\/vc_column_text][\/vc_column][vc_column width=\u201d1\/3\u2033]\t<div id=\"et-image-275\" class=\"et-image     et_image_link\">\n\t\t<div class=\"et-image-inner \">\n\t\t\t\t\t\t\t<div class=\"et-image-thumb \">\n\t\t\t\t\t<img loading=\"lazy\" decoding=\"async\" width=\"1160\" height=\"1467\" src=\"https:\/\/cb.agencegazelle.com\/wp-content\/uploads\/2021\/12\/christian-breton-profil.jpg\" class=\"attachment-full size-full\" alt=\"\" srcset=\"https:\/\/cb.agencegazelle.com\/wp-content\/uploads\/2021\/12\/christian-breton-profil.jpg 1160w, https:\/\/cb.agencegazelle.com\/wp-content\/uploads\/2021\/12\/christian-breton-profil-237x300.jpg 237w, https:\/\/cb.agencegazelle.com\/wp-content\/uploads\/2021\/12\/christian-breton-profil-810x1024.jpg 810w, https:\/\/cb.agencegazelle.com\/wp-content\/uploads\/2021\/12\/christian-breton-profil-768x971.jpg 768w, https:\/\/cb.agencegazelle.com\/wp-content\/uploads\/2021\/12\/christian-breton-profil-76x96.jpg 76w, https:\/\/cb.agencegazelle.com\/wp-content\/uploads\/2021\/12\/christian-breton-profil-33x42.jpg 33w, https:\/\/cb.agencegazelle.com\/wp-content\/uploads\/2021\/12\/christian-breton-profil-119x150.jpg 119w, https:\/\/cb.agencegazelle.com\/wp-content\/uploads\/2021\/12\/christian-breton-profil-600x759.jpg 600w, https:\/\/cb.agencegazelle.com\/wp-content\/uploads\/2021\/12\/christian-breton-profil-900x1138.jpg 900w\" sizes=\"(max-width: 1160px) 100vw, 1160px\" \/>\t\t\t\t<\/div>\n\t\t\t\t\t\t\t\t\t\t\t<\/div>\n\t<\/div>\n  [\/vc_column][\/vc_row][vc_row et_full_width=\u201dtrue\u201d et_row_padding=\u201dtrue\u201d css=\u201d.vc_custom_1645802341477{background-color: #000000 !important;}\u201d][vc_column][vc_empty_space height=\u201d200px\u201d][\/vc_column][\/vc_row][vc_row et_column_align=\u201dalign-center\u201d content_placement=\u201dmiddle\u201d el_class=\u201dspacing-xl gzl-reverse-1\u2033][vc_column width=\u201d2\/3\u2033][vc_column_text el_class=\u201dgzl-cms-title-xlarge\u201d]\n<h2>NUESTRA EXPERIENCIA<\/h2>\n[\/vc_column_text][vc_column_text]\n<h3>N\u00b0 1 Eye CARE \u2122<\/h3>\n[\/vc_column_text][vc_column_text css=\u201d.vc_custom_1646227853891{margin-bottom: 0px !important;}\u201d]Eye Priority es la gama insignia de Christian Breton, la primera y la que le di\u00f3 a conocer mundialmente como el Experto del contorno de los ojos. Cada producto corresponde a una necesidad espec\u00edfica, ojeras, bolsas, hidrataci\u00f3n, arrugas y tiene su propia raz\u00f3n de ser. No se trata s\u00f3lo de un producto m\u00e1s, sino de los cuidados que corresponden a una realidad. Eye Priority se basa en el concepto de Crioterapia (el uso del fr\u00edo) para tratar la inflamaci\u00f3n, principal desencadenante de la mayor\u00eda de los problemas del contorno de los ojos.\u00a0 Eye Priority, 26 productos revolucionarios dedicados a la belleza de su mirada.[\/vc_column_text][vc_column_text css=\u201d.vc_custom_1646227899951{padding-top: 25px !important;}\u201d]\n<h3>Cuidados probados y aprobados por todas ustedes<\/h3>\n[\/vc_column_text][vc_column_text css=\u201d.vc_custom_1646227909890{margin-bottom: 0px !important;}\u201d]Christian Breton se compromete personalmente a elegir los ingredientes m\u00e1s seguros y eficaces para cada f\u00f3rmula. Por ello, nuestras f\u00f3rmulas se prueban bajo controles oftalmol\u00f3gicos y dermatol\u00f3gicos para confirmar su gran eficacia. Y los resultados est\u00e1n ah\u00ed, \u00a1Ustedes lo dicen! Desde hace m\u00e1s de 30 a\u00f1os, nos comprometemos a formular cuidados de vanguardia para el cuidado de la piel, para garantizar que usted reciba lo mejor de la ciencia.<\/p>\n<blockquote><p>\u00a1Nada de promesas vac\u00edas, s\u00f3lo resultados!<\/p><\/blockquote>\n[\/vc_column_text][\/vc_column][vc_column width=\u201d1\/3\u2033][vc_single_image image=\u201d29771\u2033 img_size=\u201dfull\u201d css=\u201d.vc_custom_1644570965159{margin-bottom: 0px !important;}\u201d][\/vc_column][\/vc_row]\n","protected":false},"excerpt":{"rendered":"<p>[vc_row et_full_width=\u201dtrue\u201d css=\u201d.vc_custom_1644583629210{background-color: #000000 !important;}\u201d el_class=\u201dgzl-header-solo\u201d][vc_column][vc_row_inner][vc_column_inner][vc_column_text el_class=\u201dgzl-header-solo-title\u201d css=\u201d.vc_custom_1646227777126{padding-top: 0px !important;padding-right: 0px !important;padding-bottom: 0px !important;padding-left: 0px !important;}\u201d]Nada de promesas vac\u00edas. M\u00e1s ciencia. M\u00e1s resultados.[\/vc_column_text][\/vc_column_inner][\/vc_row_inner][\/vc_column][\/vc_row][vc_row et_column_align=\u201dalign-center\u201d content_placement=\u201dbottom\u201d el_class=\u201dspacing-xl\u201d][vc_column width=\u201d2\/3\u2033][vc_column_text el_class=\u201dgzl-cms-title-xlarge\u201d] CHRISTIAN BRETON [\/vc_column_text][vc_column_text] Una pasi\u00f3n en el origen [\/vc_column_text][vc_column_text]Todo comenz\u00f3 en los a\u00f1os 70. La Sra. Breton, madre de Christian B., cient\u00edfica&hellip;<\/p>\n","protected":false},"author":2,"featured_media":0,"parent":0,"menu_order":0,"comment_status":"closed","ping_status":"closed","template":"template-cms-menu.php","meta":{"footnotes":""},"yoast_head":"<!-- This site is optimized with the Yoast SEO plugin v23.5 - https:\/\/yoast.com\/wordpress\/plugins\/seo\/ -->\n<title>La marca - CHRISTIAN BRETON<\/title>\n<meta name=\"robots\" content=\"noindex, follow, max-snippet:-1, max-image-preview:large, max-video-preview:-1\" \/>\n<meta property=\"og:locale\" content=\"es_ES\" \/>\n<meta property=\"og:type\" content=\"article\" \/>\n<meta property=\"og:title\" content=\"La marca - CHRISTIAN BRETON\" \/>\n<meta property=\"og:description\" content=\"[vc_row et_full_width=\u201dtrue\u201d css=\u201d.vc_custom_1644583629210{background-color: #000000 !important;}\u201d el_class=\u201dgzl-header-solo\u201d][vc_column][vc_row_inner][vc_column_inner][vc_column_text el_class=\u201dgzl-header-solo-title\u201d css=\u201d.vc_custom_1646227777126{padding-top: 0px !important;padding-right: 0px !important;padding-bottom: 0px !important;padding-left: 0px !important;}\u201d]Nada de promesas vac\u00edas. M\u00e1s ciencia. M\u00e1s resultados.[\/vc_column_text][\/vc_column_inner][\/vc_row_inner][\/vc_column][\/vc_row][vc_row et_column_align=\u201dalign-center\u201d content_placement=\u201dbottom\u201d el_class=\u201dspacing-xl\u201d][vc_column width=\u201d2\/3\u2033][vc_column_text el_class=\u201dgzl-cms-title-xlarge\u201d] CHRISTIAN BRETON [\/vc_column_text][vc_column_text] Una pasi\u00f3n en el origen [\/vc_column_text][vc_column_text]Todo comenz\u00f3 en los a\u00f1os 70. La Sra. Breton, madre de Christian B., cient\u00edfica&hellip;\" \/>\n<meta property=\"og:url\" content=\"https:\/\/cb.agencegazelle.com\/es\/le-fondateur-es\/\" \/>\n<meta property=\"og:site_name\" content=\"CHRISTIAN BRETON\" \/>\n<meta property=\"article:publisher\" content=\"https:\/\/www.facebook.com\/christianbretonfrance\" \/>\n<meta property=\"article:modified_time\" content=\"2022-03-02T13:32:22+00:00\" \/>\n<meta name=\"twitter:card\" content=\"summary_large_image\" \/>\n<meta name=\"twitter:label1\" content=\"Tiempo de lectura\" \/>\n\t<meta name=\"twitter:data1\" content=\"3 minutos\" \/>\n<script type=\"application\/ld+json\" class=\"yoast-schema-graph\">{\"@context\":\"https:\/\/schema.org\",\"@graph\":[{\"@type\":\"WebPage\",\"@id\":\"https:\/\/cb.agencegazelle.com\/es\/le-fondateur-es\/\",\"url\":\"https:\/\/cb.agencegazelle.com\/es\/le-fondateur-es\/\",\"name\":\"La marca - CHRISTIAN BRETON\",\"isPartOf\":{\"@id\":\"https:\/\/cb.agencegazelle.com\/es\/#website\"},\"datePublished\":\"2021-12-13T14:12:45+00:00\",\"dateModified\":\"2022-03-02T13:32:22+00:00\",\"breadcrumb\":{\"@id\":\"https:\/\/cb.agencegazelle.com\/es\/le-fondateur-es\/#breadcrumb\"},\"inLanguage\":\"es\",\"potentialAction\":[{\"@type\":\"ReadAction\",\"target\":[\"https:\/\/cb.agencegazelle.com\/es\/le-fondateur-es\/\"]}]},{\"@type\":\"BreadcrumbList\",\"@id\":\"https:\/\/cb.agencegazelle.com\/es\/le-fondateur-es\/#breadcrumb\",\"itemListElement\":[{\"@type\":\"ListItem\",\"position\":1,\"name\":\"Accueil\",\"item\":\"https:\/\/cb.agencegazelle.com\/es\/\"},{\"@type\":\"ListItem\",\"position\":2,\"name\":\"La marca\"}]},{\"@type\":\"WebSite\",\"@id\":\"https:\/\/cb.agencegazelle.com\/es\/#website\",\"url\":\"https:\/\/cb.agencegazelle.com\/es\/\",\"name\":\"CHRISTIAN BRETON\",\"description\":\"L&#039;Expert du Contour des Yeux\",\"publisher\":{\"@id\":\"https:\/\/cb.agencegazelle.com\/es\/#organization\"},\"potentialAction\":[{\"@type\":\"SearchAction\",\"target\":{\"@type\":\"EntryPoint\",\"urlTemplate\":\"https:\/\/cb.agencegazelle.com\/es\/?s={search_term_string}\"},\"query-input\":{\"@type\":\"PropertyValueSpecification\",\"valueRequired\":true,\"valueName\":\"search_term_string\"}}],\"inLanguage\":\"es\"},{\"@type\":\"Organization\",\"@id\":\"https:\/\/cb.agencegazelle.com\/es\/#organization\",\"name\":\"CHRISTIAN BRETON\",\"url\":\"https:\/\/cb.agencegazelle.com\/es\/\",\"logo\":{\"@type\":\"ImageObject\",\"inLanguage\":\"es\",\"@id\":\"https:\/\/cb.agencegazelle.com\/es\/#\/schema\/logo\/image\/\",\"url\":\"https:\/\/cb.agencegazelle.com\/wp-content\/uploads\/2022\/05\/Christian-Breton-Logo-fond-noir-scaled.jpg\",\"contentUrl\":\"https:\/\/cb.agencegazelle.com\/wp-content\/uploads\/2022\/05\/Christian-Breton-Logo-fond-noir-scaled.jpg\",\"width\":2560,\"height\":2560,\"caption\":\"CHRISTIAN BRETON\"},\"image\":{\"@id\":\"https:\/\/cb.agencegazelle.com\/es\/#\/schema\/logo\/image\/\"},\"sameAs\":[\"https:\/\/www.facebook.com\/christianbretonfrance\",\"https:\/\/www.instagram.com\/christianbreton_paris\/\"]}]}<\/script>\n<!-- \/ Yoast SEO plugin. -->","yoast_head_json":{"title":"La marca - CHRISTIAN BRETON","robots":{"index":"noindex","follow":"follow","max-snippet":"max-snippet:-1","max-image-preview":"max-image-preview:large","max-video-preview":"max-video-preview:-1"},"og_locale":"es_ES","og_type":"article","og_title":"La marca - CHRISTIAN BRETON","og_description":"[vc_row et_full_width=\u201dtrue\u201d css=\u201d.vc_custom_1644583629210{background-color: #000000 !important;}\u201d el_class=\u201dgzl-header-solo\u201d][vc_column][vc_row_inner][vc_column_inner][vc_column_text el_class=\u201dgzl-header-solo-title\u201d css=\u201d.vc_custom_1646227777126{padding-top: 0px !important;padding-right: 0px !important;padding-bottom: 0px !important;padding-left: 0px !important;}\u201d]Nada de promesas vac\u00edas. M\u00e1s ciencia. M\u00e1s resultados.[\/vc_column_text][\/vc_column_inner][\/vc_row_inner][\/vc_column][\/vc_row][vc_row et_column_align=\u201dalign-center\u201d content_placement=\u201dbottom\u201d el_class=\u201dspacing-xl\u201d][vc_column width=\u201d2\/3\u2033][vc_column_text el_class=\u201dgzl-cms-title-xlarge\u201d] CHRISTIAN BRETON [\/vc_column_text][vc_column_text] Una pasi\u00f3n en el origen [\/vc_column_text][vc_column_text]Todo comenz\u00f3 en los a\u00f1os 70. La Sra. Breton, madre de Christian B., cient\u00edfica&hellip;","og_url":"https:\/\/cb.agencegazelle.com\/es\/le-fondateur-es\/","og_site_name":"CHRISTIAN BRETON","article_publisher":"https:\/\/www.facebook.com\/christianbretonfrance","article_modified_time":"2022-03-02T13:32:22+00:00","twitter_card":"summary_large_image","twitter_misc":{"Tiempo de lectura":"3 minutos"},"schema":{"@context":"https:\/\/schema.org","@graph":[{"@type":"WebPage","@id":"https:\/\/cb.agencegazelle.com\/es\/le-fondateur-es\/","url":"https:\/\/cb.agencegazelle.com\/es\/le-fondateur-es\/","name":"La marca - CHRISTIAN BRETON","isPartOf":{"@id":"https:\/\/cb.agencegazelle.com\/es\/#website"},"datePublished":"2021-12-13T14:12:45+00:00","dateModified":"2022-03-02T13:32:22+00:00","breadcrumb":{"@id":"https:\/\/cb.agencegazelle.com\/es\/le-fondateur-es\/#breadcrumb"},"inLanguage":"es","potentialAction":[{"@type":"ReadAction","target":["https:\/\/cb.agencegazelle.com\/es\/le-fondateur-es\/"]}]},{"@type":"BreadcrumbList","@id":"https:\/\/cb.agencegazelle.com\/es\/le-fondateur-es\/#breadcrumb","itemListElement":[{"@type":"ListItem","position":1,"name":"Accueil","item":"https:\/\/cb.agencegazelle.com\/es\/"},{"@type":"ListItem","position":2,"name":"La marca"}]},{"@type":"WebSite","@id":"https:\/\/cb.agencegazelle.com\/es\/#website","url":"https:\/\/cb.agencegazelle.com\/es\/","name":"CHRISTIAN BRETON","description":"L&#039;Expert du Contour des Yeux","publisher":{"@id":"https:\/\/cb.agencegazelle.com\/es\/#organization"},"potentialAction":[{"@type":"SearchAction","target":{"@type":"EntryPoint","urlTemplate":"https:\/\/cb.agencegazelle.com\/es\/?s={search_term_string}"},"query-input":{"@type":"PropertyValueSpecification","valueRequired":true,"valueName":"search_term_string"}}],"inLanguage":"es"},{"@type":"Organization","@id":"https:\/\/cb.agencegazelle.com\/es\/#organization","name":"CHRISTIAN BRETON","url":"https:\/\/cb.agencegazelle.com\/es\/","logo":{"@type":"ImageObject","inLanguage":"es","@id":"https:\/\/cb.agencegazelle.com\/es\/#\/schema\/logo\/image\/","url":"https:\/\/cb.agencegazelle.com\/wp-content\/uploads\/2022\/05\/Christian-Breton-Logo-fond-noir-scaled.jpg","contentUrl":"https:\/\/cb.agencegazelle.com\/wp-content\/uploads\/2022\/05\/Christian-Breton-Logo-fond-noir-scaled.jpg","width":2560,"height":2560,"caption":"CHRISTIAN BRETON"},"image":{"@id":"https:\/\/cb.agencegazelle.com\/es\/#\/schema\/logo\/image\/"},"sameAs":["https:\/\/www.facebook.com\/christianbretonfrance","https:\/\/www.instagram.com\/christianbreton_paris\/"]}]}},"_links":{"self":[{"href":"https:\/\/cb.agencegazelle.com\/es\/wp-json\/wp\/v2\/pages\/33107"}],"collection":[{"href":"https:\/\/cb.agencegazelle.com\/es\/wp-json\/wp\/v2\/pages"}],"about":[{"href":"https:\/\/cb.agencegazelle.com\/es\/wp-json\/wp\/v2\/types\/page"}],"author":[{"embeddable":true,"href":"https:\/\/cb.agencegazelle.com\/es\/wp-json\/wp\/v2\/users\/2"}],"replies":[{"embeddable":true,"href":"https:\/\/cb.agencegazelle.com\/es\/wp-json\/wp\/v2\/comments?post=33107"}],"version-history":[{"count":0,"href":"https:\/\/cb.agencegazelle.com\/es\/wp-json\/wp\/v2\/pages\/33107\/revisions"}],"wp:attachment":[{"href":"https:\/\/cb.agencegazelle.com\/es\/wp-json\/wp\/v2\/media?parent=33107"}],"curies":[{"name":"wp","href":"https:\/\/api.w.org\/{rel}","templated":true}]}}